{"id":6518,"date":"2020-11-09T10:00:45","date_gmt":"2020-11-09T07:00:45","guid":{"rendered":"http:\/\/mf.ggeorgiou.work\/shop\/non%20class\u00e9\/miel-de-bruyere-480-gr\/"},"modified":"2021-04-16T11:20:44","modified_gmt":"2021-04-16T08:20:44","slug":"miel-de-bruyere-480-gr","status":"publish","type":"product","link":"https:\/\/mf.ggeorgiou.work\/fr\/\u03ba\u03b1\u03c4\u03ac\u03c3\u03c4\u03b7\u03bc\u03b1\/miels\/miel-de-bruyere-480-gr\/","title":{"rendered":"MIEL DE BRUYERE"},"content":{"rendered":"<p>Miel de bruy\u00e8re produit en Novembre 2020 \u00e0 \u00c9pidaure. Cremeux au go\u00fbt caramelis\u00e9 et un peu amer \u00e0 la fin. De couleur bronz\u00e9 et aux parfums de pluie et de terre mouill\u00e9e. Il crystalise presque deux mois apr\u00e8s sa r\u00e9colte<\/p>\n","protected":false},"excerpt":{"rendered":"<p>Miel de bruy\u00e8re produit en Novembre 2020 \u00e0 \u00c9pidaure. Cremeux au go\u00fbt caramelis\u00e9 et un peu amer \u00e0 la fin. De couleur bronz\u00e9 et aux parfums de pluie et de terre mouill\u00e9e. Il crystalise presque deux mois apr\u00e8s sa r\u00e9colte<\/p>\n","protected":false},"featured_media":7389,"template":"","meta":[],"product_cat":[109],"product_tag":[],"yoast_head":"<!-- This site is optimized with the Yoast SEO plugin v22.7 - https:\/\/yoast.com\/wordpress\/plugins\/seo\/ -->\n<title>MIEL DE BRUYERE - Melissa<\/title>\n<meta name=\"robots\" content=\"noindex, follow, max-snippet:-1, max-image-preview:large, max-video-preview:-1\" \/>\n<meta property=\"og:locale\" content=\"fr_FR\" \/>\n<meta property=\"og:type\" content=\"article\" \/>\n<meta property=\"og:title\" content=\"MIEL DE BRUYERE - Melissa\" \/>\n<meta property=\"og:description\" content=\"Miel de bruy\u00e8re produit en Novembre 2020 \u00e0 \u00c9pidaure. Cremeux au go\u00fbt caramelis\u00e9 et un peu amer \u00e0 la fin. De couleur bronz\u00e9 et aux parfums de pluie et de terre mouill\u00e9e. Il crystalise presque deux mois apr\u00e8s sa r\u00e9colte\" \/>\n<meta property=\"og:url\" content=\"https:\/\/mf.ggeorgiou.work\/fr\/\u03ba\u03b1\u03c4\u03ac\u03c3\u03c4\u03b7\u03bc\u03b1\/miels\/miel-de-bruyere-480-gr\/\" \/>\n<meta property=\"og:site_name\" content=\"Melissa\" \/>\n<meta property=\"article:modified_time\" content=\"2021-04-16T08:20:44+00:00\" \/>\n<meta property=\"og:image\" content=\"https:\/\/mf.ggeorgiou.work\/wp-content\/uploads\/2020\/11\/\u0395\u03c1\u03b5\u03b9\u03ba\u03b7i-Small.jpg\" \/>\n\t<meta property=\"og:image:width\" content=\"800\" \/>\n\t<meta property=\"og:image:height\" content=\"1100\" \/>\n\t<meta property=\"og:image:type\" content=\"image\/jpeg\" \/>\n<meta name=\"twitter:card\" content=\"summary_large_image\" \/>\n<script type=\"application\/ld+json\" class=\"yoast-schema-graph\">{\"@context\":\"https:\/\/schema.org\",\"@graph\":[{\"@type\":\"WebPage\",\"@id\":\"https:\/\/mf.ggeorgiou.work\/fr\/\u03ba\u03b1\u03c4\u03ac\u03c3\u03c4\u03b7\u03bc\u03b1\/miels\/miel-de-bruyere-480-gr\/\",\"url\":\"https:\/\/mf.ggeorgiou.work\/fr\/\u03ba\u03b1\u03c4\u03ac\u03c3\u03c4\u03b7\u03bc\u03b1\/miels\/miel-de-bruyere-480-gr\/\",\"name\":\"MIEL DE BRUYERE - Melissa\",\"isPartOf\":{\"@id\":\"https:\/\/mf.ggeorgiou.work\/#website\"},\"primaryImageOfPage\":{\"@id\":\"https:\/\/mf.ggeorgiou.work\/fr\/\u03ba\u03b1\u03c4\u03ac\u03c3\u03c4\u03b7\u03bc\u03b1\/miels\/miel-de-bruyere-480-gr\/#primaryimage\"},\"image\":{\"@id\":\"https:\/\/mf.ggeorgiou.work\/fr\/\u03ba\u03b1\u03c4\u03ac\u03c3\u03c4\u03b7\u03bc\u03b1\/miels\/miel-de-bruyere-480-gr\/#primaryimage\"},\"thumbnailUrl\":\"https:\/\/mf.ggeorgiou.work\/wp-content\/uploads\/2020\/11\/\u0395\u03c1\u03b5\u03b9\u03ba\u03b7i-Small-1.jpg\",\"datePublished\":\"2020-11-09T07:00:45+00:00\",\"dateModified\":\"2021-04-16T08:20:44+00:00\",\"breadcrumb\":{\"@id\":\"https:\/\/mf.ggeorgiou.work\/fr\/\u03ba\u03b1\u03c4\u03ac\u03c3\u03c4\u03b7\u03bc\u03b1\/miels\/miel-de-bruyere-480-gr\/#breadcrumb\"},\"inLanguage\":\"fr-FR\",\"potentialAction\":[{\"@type\":\"ReadAction\",\"target\":[\"https:\/\/mf.ggeorgiou.work\/fr\/\u03ba\u03b1\u03c4\u03ac\u03c3\u03c4\u03b7\u03bc\u03b1\/miels\/miel-de-bruyere-480-gr\/\"]}]},{\"@type\":\"ImageObject\",\"inLanguage\":\"fr-FR\",\"@id\":\"https:\/\/mf.ggeorgiou.work\/fr\/\u03ba\u03b1\u03c4\u03ac\u03c3\u03c4\u03b7\u03bc\u03b1\/miels\/miel-de-bruyere-480-gr\/#primaryimage\",\"url\":\"https:\/\/mf.ggeorgiou.work\/wp-content\/uploads\/2020\/11\/\u0395\u03c1\u03b5\u03b9\u03ba\u03b7i-Small-1.jpg\",\"contentUrl\":\"https:\/\/mf.ggeorgiou.work\/wp-content\/uploads\/2020\/11\/\u0395\u03c1\u03b5\u03b9\u03ba\u03b7i-Small-1.jpg\",\"width\":800,\"height\":1100},{\"@type\":\"BreadcrumbList\",\"@id\":\"https:\/\/mf.ggeorgiou.work\/fr\/\u03ba\u03b1\u03c4\u03ac\u03c3\u03c4\u03b7\u03bc\u03b1\/miels\/miel-de-bruyere-480-gr\/#breadcrumb\",\"itemListElement\":[{\"@type\":\"ListItem\",\"position\":1,\"name\":\"E-Magazin\",\"item\":\"https:\/\/mf.ggeorgiou.work\/fr\/e-magazin\/\"},{\"@type\":\"ListItem\",\"position\":2,\"name\":\"MIEL DE BRUYERE\"}]},{\"@type\":\"WebSite\",\"@id\":\"https:\/\/mf.ggeorgiou.work\/#website\",\"url\":\"https:\/\/mf.ggeorgiou.work\/\",\"name\":\"Melissa\",\"description\":\"\u03bf\u03b9\u03ba\u03bf\u03b3\u03b5\u03bd\u03b5\u03b9\u03b1\u03ba\u03ae \u03c0\u03b1\u03c1\u03ac\u03b4\u03bf\u03c3\u03b7 \u03c3\u03c4\u03bf \u03c7\u03ce\u03c1\u03bf \u03c4\u03b7\u03c2 \u03bc\u03b5\u03bb\u03b9\u03c3\u03c3\u03bf\u03ba\u03bf\u03bc\u03af\u03b1\u03c2\",\"potentialAction\":[{\"@type\":\"SearchAction\",\"target\":{\"@type\":\"EntryPoint\",\"urlTemplate\":\"https:\/\/mf.ggeorgiou.work\/?s={search_term_string}\"},\"query-input\":\"required name=search_term_string\"}],\"inLanguage\":\"fr-FR\"}]}<\/script>\n<!-- \/ Yoast SEO plugin. -->","yoast_head_json":{"title":"MIEL DE BRUYERE - Melissa","robots":{"index":"noindex","follow":"follow","max-snippet":"max-snippet:-1","max-image-preview":"max-image-preview:large","max-video-preview":"max-video-preview:-1"},"og_locale":"fr_FR","og_type":"article","og_title":"MIEL DE BRUYERE - Melissa","og_description":"Miel de bruy\u00e8re produit en Novembre 2020 \u00e0 \u00c9pidaure. Cremeux au go\u00fbt caramelis\u00e9 et un peu amer \u00e0 la fin. De couleur bronz\u00e9 et aux parfums de pluie et de terre mouill\u00e9e. Il crystalise presque deux mois apr\u00e8s sa r\u00e9colte","og_url":"https:\/\/mf.ggeorgiou.work\/fr\/\u03ba\u03b1\u03c4\u03ac\u03c3\u03c4\u03b7\u03bc\u03b1\/miels\/miel-de-bruyere-480-gr\/","og_site_name":"Melissa","article_modified_time":"2021-04-16T08:20:44+00:00","og_image":[{"width":800,"height":1100,"url":"https:\/\/mf.ggeorgiou.work\/wp-content\/uploads\/2020\/11\/\u0395\u03c1\u03b5\u03b9\u03ba\u03b7i-Small.jpg","type":"image\/jpeg"}],"twitter_card":"summary_large_image","schema":{"@context":"https:\/\/schema.org","@graph":[{"@type":"WebPage","@id":"https:\/\/mf.ggeorgiou.work\/fr\/\u03ba\u03b1\u03c4\u03ac\u03c3\u03c4\u03b7\u03bc\u03b1\/miels\/miel-de-bruyere-480-gr\/","url":"https:\/\/mf.ggeorgiou.work\/fr\/\u03ba\u03b1\u03c4\u03ac\u03c3\u03c4\u03b7\u03bc\u03b1\/miels\/miel-de-bruyere-480-gr\/","name":"MIEL DE BRUYERE - Melissa","isPartOf":{"@id":"https:\/\/mf.ggeorgiou.work\/#website"},"primaryImageOfPage":{"@id":"https:\/\/mf.ggeorgiou.work\/fr\/\u03ba\u03b1\u03c4\u03ac\u03c3\u03c4\u03b7\u03bc\u03b1\/miels\/miel-de-bruyere-480-gr\/#primaryimage"},"image":{"@id":"https:\/\/mf.ggeorgiou.work\/fr\/\u03ba\u03b1\u03c4\u03ac\u03c3\u03c4\u03b7\u03bc\u03b1\/miels\/miel-de-bruyere-480-gr\/#primaryimage"},"thumbnailUrl":"https:\/\/mf.ggeorgiou.work\/wp-content\/uploads\/2020\/11\/\u0395\u03c1\u03b5\u03b9\u03ba\u03b7i-Small-1.jpg","datePublished":"2020-11-09T07:00:45+00:00","dateModified":"2021-04-16T08:20:44+00:00","breadcrumb":{"@id":"https:\/\/mf.ggeorgiou.work\/fr\/\u03ba\u03b1\u03c4\u03ac\u03c3\u03c4\u03b7\u03bc\u03b1\/miels\/miel-de-bruyere-480-gr\/#breadcrumb"},"inLanguage":"fr-FR","potentialAction":[{"@type":"ReadAction","target":["https:\/\/mf.ggeorgiou.work\/fr\/\u03ba\u03b1\u03c4\u03ac\u03c3\u03c4\u03b7\u03bc\u03b1\/miels\/miel-de-bruyere-480-gr\/"]}]},{"@type":"ImageObject","inLanguage":"fr-FR","@id":"https:\/\/mf.ggeorgiou.work\/fr\/\u03ba\u03b1\u03c4\u03ac\u03c3\u03c4\u03b7\u03bc\u03b1\/miels\/miel-de-bruyere-480-gr\/#primaryimage","url":"https:\/\/mf.ggeorgiou.work\/wp-content\/uploads\/2020\/11\/\u0395\u03c1\u03b5\u03b9\u03ba\u03b7i-Small-1.jpg","contentUrl":"https:\/\/mf.ggeorgiou.work\/wp-content\/uploads\/2020\/11\/\u0395\u03c1\u03b5\u03b9\u03ba\u03b7i-Small-1.jpg","width":800,"height":1100},{"@type":"BreadcrumbList","@id":"https:\/\/mf.ggeorgiou.work\/fr\/\u03ba\u03b1\u03c4\u03ac\u03c3\u03c4\u03b7\u03bc\u03b1\/miels\/miel-de-bruyere-480-gr\/#breadcrumb","itemListElement":[{"@type":"ListItem","position":1,"name":"E-Magazin","item":"https:\/\/mf.ggeorgiou.work\/fr\/e-magazin\/"},{"@type":"ListItem","position":2,"name":"MIEL DE BRUYERE"}]},{"@type":"WebSite","@id":"https:\/\/mf.ggeorgiou.work\/#website","url":"https:\/\/mf.ggeorgiou.work\/","name":"Melissa","description":"\u03bf\u03b9\u03ba\u03bf\u03b3\u03b5\u03bd\u03b5\u03b9\u03b1\u03ba\u03ae \u03c0\u03b1\u03c1\u03ac\u03b4\u03bf\u03c3\u03b7 \u03c3\u03c4\u03bf \u03c7\u03ce\u03c1\u03bf \u03c4\u03b7\u03c2 \u03bc\u03b5\u03bb\u03b9\u03c3\u03c3\u03bf\u03ba\u03bf\u03bc\u03af\u03b1\u03c2","potentialAction":[{"@type":"SearchAction","target":{"@type":"EntryPoint","urlTemplate":"https:\/\/mf.ggeorgiou.work\/?s={search_term_string}"},"query-input":"required name=search_term_string"}],"inLanguage":"fr-FR"}]}},"_links":{"self":[{"href":"https:\/\/mf.ggeorgiou.work\/fr\/wp-json\/wp\/v2\/product\/6518"}],"collection":[{"href":"https:\/\/mf.ggeorgiou.work\/fr\/wp-json\/wp\/v2\/product"}],"about":[{"href":"https:\/\/mf.ggeorgiou.work\/fr\/wp-json\/wp\/v2\/types\/product"}],"wp:featuredmedia":[{"embeddable":true,"href":"https:\/\/mf.ggeorgiou.work\/fr\/wp-json\/wp\/v2\/media\/7389"}],"wp:attachment":[{"href":"https:\/\/mf.ggeorgiou.work\/fr\/wp-json\/wp\/v2\/media?parent=6518"}],"wp:term":[{"taxonomy":"product_cat","embeddable":true,"href":"https:\/\/mf.ggeorgiou.work\/fr\/wp-json\/wp\/v2\/product_cat?post=6518"},{"taxonomy":"product_tag","embeddable":true,"href":"https:\/\/mf.ggeorgiou.work\/fr\/wp-json\/wp\/v2\/product_tag?post=6518"}],"curies":[{"name":"wp","href":"https:\/\/api.w.org\/{rel}","templated":true}]}}