{"id":4357,"date":"2017-03-31T13:33:58","date_gmt":"2017-03-31T10:33:58","guid":{"rendered":"http:\/\/mf.ggeorgiou.work\/shop\/uncategorized\/savon-pour-le-visage\/"},"modified":"2021-04-11T22:20:13","modified_gmt":"2021-04-11T19:20:13","slug":"savon-pour-le-visage","status":"publish","type":"product","link":"https:\/\/mf.ggeorgiou.work\/fr\/\u03ba\u03b1\u03c4\u03ac\u03c3\u03c4\u03b7\u03bc\u03b1\/savon-naturel-artisanal\/savon-pour-le-visage\/","title":{"rendered":"Savon pour le visage"},"content":{"rendered":"&#13;\n<p>\u0391\u03c5\u03c4\u03cc \u03c4\u03bf \u03c3\u03b1\u03c0\u03bf\u03cd\u03bd\u03b9 \u03b5\u03af\u03bd\u03b1\u03b9 \u03b1\u03c0\u03bf\u03bb\u03cd\u03c4\u03c9\u03c2 \u03c7\u03b5\u03b9\u03c1\u03bf\u03c0\u03bf\u03af\u03b7\u03c4\u03bf, \u03bc\u03b5 \u03c6\u03c5\u03c3\u03b9\u03ba\u03ac \u03bc\u03cc\u03bd\u03bf \u03ba\u03b1\u03b9 \u03b2\u03b9\u03bf\u03bb\u03bf\u03b3\u03b9\u03ba\u03ac \u03c3\u03c5\u03c3\u03c4\u03b1\u03c4\u03b9\u03ba\u03ac. \u0388\u03c7\u03b5\u03b9 \u03c9\u03c1\u03b9\u03bc\u03ac\u03c3\u03b5\u03b9 \u03c4\u03bf\u03c5\u03bb\u03ac\u03c7\u03b9\u03c3\u03c4\u03bf\u03bd 45 \u03b7\u03bc\u03ad\u03c1\u03b5\u03c2 (\u03c8\u03c5\u03c7\u03c1\u03ae \u03bc\u03ad\u03b8\u03bf\u03b4\u03bf\u03c2 \u03c0\u03b1\u03c1\u03b1\u03b3\u03c9\u03b3\u03ae\u03c2), \u03b5\u03c0\u03bf\u03bc\u03ad\u03bd\u03c9\u03c2 \u03b7 \u0393\u03bb\u03c5\u03ba\u03b5\u03c1\u03af\u03bd\u03b7 \u03c0\u03bf\u03c5 \u03c0\u03b5\u03c1\u03b9\u03ad\u03c7\u03b5\u03c4\u03b1\u03b9 \u03c3\u03b5 \u03b1\u03c5\u03c4\u03cc, \u03b5\u03af\u03bd\u03b1\u03b9 \u03b1\u03c0\u03bf\u03bb\u03cd\u03c4\u03c9\u03c2 \u03a6\u03c5\u03c3\u03b9\u03ba\u03ae \u03ba\u03b1\u03b9 \u03c0\u03bf\u03bb\u03cd \u03b5\u03c5\u03b5\u03c1\u03b3\u03b5\u03c4\u03b9\u03ba\u03ae \u03b3\u03b9\u03b1 \u03c4\u03bf \u03b4\u03ad\u03c1\u03bc\u03b1 \u03bc\u03b1\u03c2. \u03a0\u03c1\u03ad\u03c0\u03b5\u03b9 \u03bd\u03b1 \u03b1\u03bd\u03b1\u03c6\u03ad\u03c1\u03bf\u03c5\u03bc\u03b5 \u03b5\u03b4\u03ce \u03cc\u03c4\u03b9 \u03c4\u03b1 \u03c0\u03b5\u03c1\u03b9\u03c3\u03c3\u03cc\u03c4\u03b5\u03c1\u03b1 \u03c3\u03b1\u03c0\u03bf\u03cd\u03bd\u03b9\u03b1 \u03c4\u03bf\u03c5 \u03b5\u03bc\u03c0\u03bf\u03c1\u03af\u03bf\u03c5, \u03c4\u03b7\u03c2 \u03b8\u03b5\u03c1\u03bc\u03ae\u03c2 \u03bc\u03b5\u03b8\u03cc\u03b4\u03bf\u03c5 \u03b4\u03b7\u03bb., \u03c7\u03c1\u03b7\u03c3\u03b9\u03bc\u03bf\u03c0\u03bf\u03b9\u03bf\u03cd\u03bd \u03c7\u03b7\u03bc\u03b9\u03ba\u03ae \u03b3\u03bb\u03c5\u03ba\u03b5\u03c1\u03af\u03bd\u03b7 \u03c0\u03bf\u03c5 \u03c0\u03c1\u03bf\u03ad\u03c1\u03c7\u03b5\u03c4\u03b1\u03b9 \u03b1\u03c0\u03cc \u03c3\u03c5\u03bd\u03b8\u03b5\u03c4\u03b9\u03ba\u03ad\u03c2 \u03c7\u03b7\u03bc\u03b9\u03ba\u03ad\u03c2 \u03bf\u03c5\u03c3\u03af\u03b5\u03c2 \u03ba\u03b1\u03b9 \u03b9\u03c3\u03c7\u03c5\u03c1\u03af\u03b6\u03bf\u03bd\u03c4\u03b1\u03b9 \u03cc\u03c4\u03b9 \u03c0\u03c1\u03bf\u03c3\u03c6\u03ad\u03c1\u03bf\u03c5\u03bd \u03c4\u03b1 \u03af\u03b4\u03b9\u03b1 \u03bf\u03c6\u03ad\u03bb\u03b7 \u03bc\u03b5 \u03c4\u03b7 \u03c6\u03c5\u03c3\u03b9\u03ba\u03ae \u03b3\u03bb\u03c5\u03ba\u03b5\u03c1\u03af\u03bd\u03b7!\u00a0 \u0395\u03bc\u03b5\u03af\u03c2 \u03c7\u03c1\u03b7\u03c3\u03b9\u03bc\u03bf\u03c0\u03bf\u03b9\u03bf\u03cd\u03bc\u03b5 \u03b3\u03bb\u03c5\u03ba\u03b5\u03c1\u03af\u03bd\u03b7 \u03c0\u03bf\u03c5 \u03ad\u03c7\u03b5\u03b9 \u03c0\u03b1\u03c1\u03b1\u03c7\u03b8\u03b5\u03af \u03b1\u03c0\u03cc \u03c6\u03c5\u03c4\u03b9\u03ba\u03ac \u03ad\u03bb\u03b1\u03b9\u03b1 \u03bc\u03cc\u03bd\u03bf, \u03cc\u03c0\u03c9\u03c2 \u03b1\u03c0\u03cc \u0395\u039b\u0391\u0399\u039f\u039b\u0391\u0394\u039f,\u00a0 \u039a\u0391\u03a3\u03a4\u039f\u03a1\u0395\u039b\u0391\u0399\u039f, \u0391\u039c\u03a5\u0393\u0394\u0391\u039b\u0395\u039b\u0391\u0399\u039f, \u0392\u0395\u03a1\u03a5\u039a\u039f\u039a\u0395\u039b\u0391\u0399\u039f \u039a.\u0391.<\/p>&#13;\n&#13;\n<p>\u039a\u03b1\u03b8\u03b1\u03c1\u03cc \u03b2\u03ac\u03c1\u03bf\u03c2 \u03c0\u03b5\u03c1\u03af\u03c0\u03bf\u03c5 100 gr<\/p>&#13;\n","protected":false},"excerpt":{"rendered":"<p>ID\u00c9AL POUR LA PEAU S\u00c8CHE, LES CHEVEUX SECS, LE VISAGE ET LE CORPS, LES MALADIES DE LA PEAU TELLES QUE LES imperfections, la d\u00e9coloration, l&rsquo;ecz\u00e9ma, le psoriasis. Savon \u00e0 action nettoyante et anti-\u00e2ge intense, bienfaisant gr\u00e2ce aux vitamines de ses huiles cosm\u00e9tiques, traite efficacement les probl\u00e8mes de peau, les rides br\u00fblantes, l&rsquo;acn\u00e9. Le jus et le zeste de carotte, contribue \u00e0 l&rsquo;\u00e9limination des cellules mortes, est un antioxydant, combat efficacement les radicaux libres, a un fort effet anti-\u00e2ge et traite efficacement les probl\u00e8mes de peau tels que les taches et la d\u00e9coloration. Il a une merveilleuse mousse cr\u00e9meuse. Prot\u00e8ge contre les rayons UV. INGR\u00c9DIENTS: Huile d&rsquo;olive, huile d&rsquo;avocat, beurre de karit\u00e9, huile de ricin, huile de palme durable, huile de coco, camomille, jus de carotte d&rsquo;argile blanche, r\u00e2pe de carotte, miel<\/p>\n","protected":false},"featured_media":4804,"template":"","meta":[],"product_cat":[120],"product_tag":[],"yoast_head":"<!-- This site is optimized with the Yoast SEO plugin v22.7 - https:\/\/yoast.com\/wordpress\/plugins\/seo\/ -->\n<title>Savon pour le visage - Melissa<\/title>\n<meta name=\"robots\" content=\"noindex, follow, max-snippet:-1, max-image-preview:large, max-video-preview:-1\" \/>\n<meta property=\"og:locale\" content=\"fr_FR\" \/>\n<meta property=\"og:type\" content=\"article\" \/>\n<meta property=\"og:title\" content=\"Savon pour le visage - Melissa\" \/>\n<meta property=\"og:description\" content=\"ID\u00c9AL POUR LA PEAU S\u00c8CHE, LES CHEVEUX SECS, LE VISAGE ET LE CORPS, LES MALADIES DE LA PEAU TELLES QUE LES imperfections, la d\u00e9coloration, l&#039;ecz\u00e9ma, le psoriasis. Savon \u00e0 action nettoyante et anti-\u00e2ge intense, bienfaisant gr\u00e2ce aux vitamines de ses huiles cosm\u00e9tiques, traite efficacement les probl\u00e8mes de peau, les rides br\u00fblantes, l&#039;acn\u00e9. Le jus et le zeste de carotte, contribue \u00e0 l&#039;\u00e9limination des cellules mortes, est un antioxydant, combat efficacement les radicaux libres, a un fort effet anti-\u00e2ge et traite efficacement les probl\u00e8mes de peau tels que les taches et la d\u00e9coloration. Il a une merveilleuse mousse cr\u00e9meuse. Prot\u00e8ge contre les rayons UV. INGR\u00c9DIENTS: Huile d&#039;olive, huile d&#039;avocat, beurre de karit\u00e9, huile de ricin, huile de palme durable, huile de coco, camomille, jus de carotte d&#039;argile blanche, r\u00e2pe de carotte, miel\" \/>\n<meta property=\"og:url\" content=\"https:\/\/mf.ggeorgiou.work\/fr\/\u03ba\u03b1\u03c4\u03ac\u03c3\u03c4\u03b7\u03bc\u03b1\/savon-naturel-artisanal\/savon-pour-le-visage\/\" \/>\n<meta property=\"og:site_name\" content=\"Melissa\" \/>\n<meta property=\"article:modified_time\" content=\"2021-04-11T19:20:13+00:00\" \/>\n<meta property=\"og:image\" content=\"https:\/\/mf.ggeorgiou.work\/wp-content\/uploads\/2017\/03\/FACE-SOAP-Greek.jpg\" \/>\n\t<meta property=\"og:image:width\" content=\"800\" \/>\n\t<meta property=\"og:image:height\" content=\"1100\" \/>\n\t<meta property=\"og:image:type\" content=\"image\/jpeg\" \/>\n<meta name=\"twitter:card\" content=\"summary_large_image\" \/>\n<script type=\"application\/ld+json\" class=\"yoast-schema-graph\">{\"@context\":\"https:\/\/schema.org\",\"@graph\":[{\"@type\":\"WebPage\",\"@id\":\"https:\/\/mf.ggeorgiou.work\/fr\/\u03ba\u03b1\u03c4\u03ac\u03c3\u03c4\u03b7\u03bc\u03b1\/savon-naturel-artisanal\/savon-pour-le-visage\/\",\"url\":\"https:\/\/mf.ggeorgiou.work\/fr\/\u03ba\u03b1\u03c4\u03ac\u03c3\u03c4\u03b7\u03bc\u03b1\/savon-naturel-artisanal\/savon-pour-le-visage\/\",\"name\":\"Savon pour le visage - Melissa\",\"isPartOf\":{\"@id\":\"https:\/\/mf.ggeorgiou.work\/#website\"},\"primaryImageOfPage\":{\"@id\":\"https:\/\/mf.ggeorgiou.work\/fr\/\u03ba\u03b1\u03c4\u03ac\u03c3\u03c4\u03b7\u03bc\u03b1\/savon-naturel-artisanal\/savon-pour-le-visage\/#primaryimage\"},\"image\":{\"@id\":\"https:\/\/mf.ggeorgiou.work\/fr\/\u03ba\u03b1\u03c4\u03ac\u03c3\u03c4\u03b7\u03bc\u03b1\/savon-naturel-artisanal\/savon-pour-le-visage\/#primaryimage\"},\"thumbnailUrl\":\"https:\/\/mf.ggeorgiou.work\/wp-content\/uploads\/2017\/03\/FACE-SOAP-Greek.jpg\",\"datePublished\":\"2017-03-31T10:33:58+00:00\",\"dateModified\":\"2021-04-11T19:20:13+00:00\",\"breadcrumb\":{\"@id\":\"https:\/\/mf.ggeorgiou.work\/fr\/\u03ba\u03b1\u03c4\u03ac\u03c3\u03c4\u03b7\u03bc\u03b1\/savon-naturel-artisanal\/savon-pour-le-visage\/#breadcrumb\"},\"inLanguage\":\"fr-FR\",\"potentialAction\":[{\"@type\":\"ReadAction\",\"target\":[\"https:\/\/mf.ggeorgiou.work\/fr\/\u03ba\u03b1\u03c4\u03ac\u03c3\u03c4\u03b7\u03bc\u03b1\/savon-naturel-artisanal\/savon-pour-le-visage\/\"]}]},{\"@type\":\"ImageObject\",\"inLanguage\":\"fr-FR\",\"@id\":\"https:\/\/mf.ggeorgiou.work\/fr\/\u03ba\u03b1\u03c4\u03ac\u03c3\u03c4\u03b7\u03bc\u03b1\/savon-naturel-artisanal\/savon-pour-le-visage\/#primaryimage\",\"url\":\"https:\/\/mf.ggeorgiou.work\/wp-content\/uploads\/2017\/03\/FACE-SOAP-Greek.jpg\",\"contentUrl\":\"https:\/\/mf.ggeorgiou.work\/wp-content\/uploads\/2017\/03\/FACE-SOAP-Greek.jpg\",\"width\":800,\"height\":1100,\"caption\":\"\u03c3\u03b1\u03c0\u03bf\u03cd\u03bd\u03b9 \u03c0\u03c1\u03bf\u03c3\u03ce\u03c0\u03bf\u03c5\"},{\"@type\":\"BreadcrumbList\",\"@id\":\"https:\/\/mf.ggeorgiou.work\/fr\/\u03ba\u03b1\u03c4\u03ac\u03c3\u03c4\u03b7\u03bc\u03b1\/savon-naturel-artisanal\/savon-pour-le-visage\/#breadcrumb\",\"itemListElement\":[{\"@type\":\"ListItem\",\"position\":1,\"name\":\"E-Magazin\",\"item\":\"https:\/\/mf.ggeorgiou.work\/fr\/e-magazin\/\"},{\"@type\":\"ListItem\",\"position\":2,\"name\":\"Savon pour le visage\"}]},{\"@type\":\"WebSite\",\"@id\":\"https:\/\/mf.ggeorgiou.work\/#website\",\"url\":\"https:\/\/mf.ggeorgiou.work\/\",\"name\":\"Melissa\",\"description\":\"\u03bf\u03b9\u03ba\u03bf\u03b3\u03b5\u03bd\u03b5\u03b9\u03b1\u03ba\u03ae \u03c0\u03b1\u03c1\u03ac\u03b4\u03bf\u03c3\u03b7 \u03c3\u03c4\u03bf \u03c7\u03ce\u03c1\u03bf \u03c4\u03b7\u03c2 \u03bc\u03b5\u03bb\u03b9\u03c3\u03c3\u03bf\u03ba\u03bf\u03bc\u03af\u03b1\u03c2\",\"potentialAction\":[{\"@type\":\"SearchAction\",\"target\":{\"@type\":\"EntryPoint\",\"urlTemplate\":\"https:\/\/mf.ggeorgiou.work\/?s={search_term_string}\"},\"query-input\":\"required name=search_term_string\"}],\"inLanguage\":\"fr-FR\"}]}<\/script>\n<!-- \/ Yoast SEO plugin. -->","yoast_head_json":{"title":"Savon pour le visage - Melissa","robots":{"index":"noindex","follow":"follow","max-snippet":"max-snippet:-1","max-image-preview":"max-image-preview:large","max-video-preview":"max-video-preview:-1"},"og_locale":"fr_FR","og_type":"article","og_title":"Savon pour le visage - Melissa","og_description":"ID\u00c9AL POUR LA PEAU S\u00c8CHE, LES CHEVEUX SECS, LE VISAGE ET LE CORPS, LES MALADIES DE LA PEAU TELLES QUE LES imperfections, la d\u00e9coloration, l'ecz\u00e9ma, le psoriasis. Savon \u00e0 action nettoyante et anti-\u00e2ge intense, bienfaisant gr\u00e2ce aux vitamines de ses huiles cosm\u00e9tiques, traite efficacement les probl\u00e8mes de peau, les rides br\u00fblantes, l'acn\u00e9. Le jus et le zeste de carotte, contribue \u00e0 l'\u00e9limination des cellules mortes, est un antioxydant, combat efficacement les radicaux libres, a un fort effet anti-\u00e2ge et traite efficacement les probl\u00e8mes de peau tels que les taches et la d\u00e9coloration. Il a une merveilleuse mousse cr\u00e9meuse. Prot\u00e8ge contre les rayons UV. INGR\u00c9DIENTS: Huile d'olive, huile d'avocat, beurre de karit\u00e9, huile de ricin, huile de palme durable, huile de coco, camomille, jus de carotte d'argile blanche, r\u00e2pe de carotte, miel","og_url":"https:\/\/mf.ggeorgiou.work\/fr\/\u03ba\u03b1\u03c4\u03ac\u03c3\u03c4\u03b7\u03bc\u03b1\/savon-naturel-artisanal\/savon-pour-le-visage\/","og_site_name":"Melissa","article_modified_time":"2021-04-11T19:20:13+00:00","og_image":[{"width":800,"height":1100,"url":"https:\/\/mf.ggeorgiou.work\/wp-content\/uploads\/2017\/03\/FACE-SOAP-Greek.jpg","type":"image\/jpeg"}],"twitter_card":"summary_large_image","schema":{"@context":"https:\/\/schema.org","@graph":[{"@type":"WebPage","@id":"https:\/\/mf.ggeorgiou.work\/fr\/\u03ba\u03b1\u03c4\u03ac\u03c3\u03c4\u03b7\u03bc\u03b1\/savon-naturel-artisanal\/savon-pour-le-visage\/","url":"https:\/\/mf.ggeorgiou.work\/fr\/\u03ba\u03b1\u03c4\u03ac\u03c3\u03c4\u03b7\u03bc\u03b1\/savon-naturel-artisanal\/savon-pour-le-visage\/","name":"Savon pour le visage - Melissa","isPartOf":{"@id":"https:\/\/mf.ggeorgiou.work\/#website"},"primaryImageOfPage":{"@id":"https:\/\/mf.ggeorgiou.work\/fr\/\u03ba\u03b1\u03c4\u03ac\u03c3\u03c4\u03b7\u03bc\u03b1\/savon-naturel-artisanal\/savon-pour-le-visage\/#primaryimage"},"image":{"@id":"https:\/\/mf.ggeorgiou.work\/fr\/\u03ba\u03b1\u03c4\u03ac\u03c3\u03c4\u03b7\u03bc\u03b1\/savon-naturel-artisanal\/savon-pour-le-visage\/#primaryimage"},"thumbnailUrl":"https:\/\/mf.ggeorgiou.work\/wp-content\/uploads\/2017\/03\/FACE-SOAP-Greek.jpg","datePublished":"2017-03-31T10:33:58+00:00","dateModified":"2021-04-11T19:20:13+00:00","breadcrumb":{"@id":"https:\/\/mf.ggeorgiou.work\/fr\/\u03ba\u03b1\u03c4\u03ac\u03c3\u03c4\u03b7\u03bc\u03b1\/savon-naturel-artisanal\/savon-pour-le-visage\/#breadcrumb"},"inLanguage":"fr-FR","potentialAction":[{"@type":"ReadAction","target":["https:\/\/mf.ggeorgiou.work\/fr\/\u03ba\u03b1\u03c4\u03ac\u03c3\u03c4\u03b7\u03bc\u03b1\/savon-naturel-artisanal\/savon-pour-le-visage\/"]}]},{"@type":"ImageObject","inLanguage":"fr-FR","@id":"https:\/\/mf.ggeorgiou.work\/fr\/\u03ba\u03b1\u03c4\u03ac\u03c3\u03c4\u03b7\u03bc\u03b1\/savon-naturel-artisanal\/savon-pour-le-visage\/#primaryimage","url":"https:\/\/mf.ggeorgiou.work\/wp-content\/uploads\/2017\/03\/FACE-SOAP-Greek.jpg","contentUrl":"https:\/\/mf.ggeorgiou.work\/wp-content\/uploads\/2017\/03\/FACE-SOAP-Greek.jpg","width":800,"height":1100,"caption":"\u03c3\u03b1\u03c0\u03bf\u03cd\u03bd\u03b9 \u03c0\u03c1\u03bf\u03c3\u03ce\u03c0\u03bf\u03c5"},{"@type":"BreadcrumbList","@id":"https:\/\/mf.ggeorgiou.work\/fr\/\u03ba\u03b1\u03c4\u03ac\u03c3\u03c4\u03b7\u03bc\u03b1\/savon-naturel-artisanal\/savon-pour-le-visage\/#breadcrumb","itemListElement":[{"@type":"ListItem","position":1,"name":"E-Magazin","item":"https:\/\/mf.ggeorgiou.work\/fr\/e-magazin\/"},{"@type":"ListItem","position":2,"name":"Savon pour le visage"}]},{"@type":"WebSite","@id":"https:\/\/mf.ggeorgiou.work\/#website","url":"https:\/\/mf.ggeorgiou.work\/","name":"Melissa","description":"\u03bf\u03b9\u03ba\u03bf\u03b3\u03b5\u03bd\u03b5\u03b9\u03b1\u03ba\u03ae \u03c0\u03b1\u03c1\u03ac\u03b4\u03bf\u03c3\u03b7 \u03c3\u03c4\u03bf \u03c7\u03ce\u03c1\u03bf \u03c4\u03b7\u03c2 \u03bc\u03b5\u03bb\u03b9\u03c3\u03c3\u03bf\u03ba\u03bf\u03bc\u03af\u03b1\u03c2","potentialAction":[{"@type":"SearchAction","target":{"@type":"EntryPoint","urlTemplate":"https:\/\/mf.ggeorgiou.work\/?s={search_term_string}"},"query-input":"required name=search_term_string"}],"inLanguage":"fr-FR"}]}},"_links":{"self":[{"href":"https:\/\/mf.ggeorgiou.work\/fr\/wp-json\/wp\/v2\/product\/4357"}],"collection":[{"href":"https:\/\/mf.ggeorgiou.work\/fr\/wp-json\/wp\/v2\/product"}],"about":[{"href":"https:\/\/mf.ggeorgiou.work\/fr\/wp-json\/wp\/v2\/types\/product"}],"wp:featuredmedia":[{"embeddable":true,"href":"https:\/\/mf.ggeorgiou.work\/fr\/wp-json\/wp\/v2\/media\/4804"}],"wp:attachment":[{"href":"https:\/\/mf.ggeorgiou.work\/fr\/wp-json\/wp\/v2\/media?parent=4357"}],"wp:term":[{"taxonomy":"product_cat","embeddable":true,"href":"https:\/\/mf.ggeorgiou.work\/fr\/wp-json\/wp\/v2\/product_cat?post=4357"},{"taxonomy":"product_tag","embeddable":true,"href":"https:\/\/mf.ggeorgiou.work\/fr\/wp-json\/wp\/v2\/product_tag?post=4357"}],"curies":[{"name":"wp","href":"https:\/\/api.w.org\/{rel}","templated":true}]}}