{"id":4260,"date":"2017-02-07T16:41:33","date_gmt":"2017-02-07T13:41:33","guid":{"rendered":"http:\/\/mf.ggeorgiou.work\/shop\/uncategorized\/baume-a-la-cire-dabeille-au-propolis\/"},"modified":"2021-04-11T20:07:20","modified_gmt":"2021-04-11T17:07:20","slug":"baume-a-la-cire-dabeille-au-propolis","status":"publish","type":"product","link":"https:\/\/mf.ggeorgiou.work\/fr\/\u03ba\u03b1\u03c4\u03ac\u03c3\u03c4\u03b7\u03bc\u03b1\/produits-de-beaute\/baume-a-la-cire-dabeille-au-propolis\/","title":{"rendered":"BAUME \u00c0 LA CIRE D&rsquo;ABEILLE AU PROPOLIS, AU MILLEPERTUIS ET \u00c0 L&rsquo;ALOE"},"content":{"rendered":"<p>Poids net 40 ml<\/p>\n","protected":false},"excerpt":{"rendered":"<p>Baume exceptionnel pour la r\u00e9g\u00e9neration de la peau. Il contient du millepertuis, de l&rsquo;huile de calendule. de l&rsquo;alo\u00e9 et du propolis. Ce baume peut \u00eatre utilis\u00e9 pour le changement des couches des b\u00e9b\u00e9s (\u00e0 voir toujours avec le p\u00e9diatre en cas d&rsquo;all\u00e9rgie)<\/p>\n<p>&nbsp;<\/p>\n","protected":false},"featured_media":5626,"template":"","meta":[],"product_cat":[125],"product_tag":[],"yoast_head":"<!-- This site is optimized with the Yoast SEO plugin v22.7 - https:\/\/yoast.com\/wordpress\/plugins\/seo\/ -->\n<title>BAUME \u00c0 LA CIRE D&#039;ABEILLE AU PROPOLIS, AU MILLEPERTUIS ET \u00c0 L&#039;ALOE - Melissa<\/title>\n<meta name=\"robots\" content=\"noindex, follow, max-snippet:-1, max-image-preview:large, max-video-preview:-1\" \/>\n<meta property=\"og:locale\" content=\"fr_FR\" \/>\n<meta property=\"og:type\" content=\"article\" \/>\n<meta property=\"og:title\" content=\"BAUME \u00c0 LA CIRE D&#039;ABEILLE AU PROPOLIS, AU MILLEPERTUIS ET \u00c0 L&#039;ALOE - Melissa\" \/>\n<meta property=\"og:description\" content=\"Baume exceptionnel pour la r\u00e9g\u00e9neration de la peau. Il contient du millepertuis, de l&#039;huile de calendule. de l&#039;alo\u00e9 et du propolis. Ce baume peut \u00eatre utilis\u00e9 pour le changement des couches des b\u00e9b\u00e9s (\u00e0 voir toujours avec le p\u00e9diatre en cas d&#039;all\u00e9rgie)  &nbsp;\" \/>\n<meta property=\"og:url\" content=\"https:\/\/mf.ggeorgiou.work\/fr\/\u03ba\u03b1\u03c4\u03ac\u03c3\u03c4\u03b7\u03bc\u03b1\/produits-de-beaute\/baume-a-la-cire-dabeille-au-propolis\/\" \/>\n<meta property=\"og:site_name\" content=\"Melissa\" \/>\n<meta property=\"article:modified_time\" content=\"2021-04-11T17:07:20+00:00\" \/>\n<meta property=\"og:image\" content=\"https:\/\/mf.ggeorgiou.work\/wp-content\/uploads\/2017\/02\/\u03ba\u03b7\u03c1\u03b1\u03bb\u03bf\u03b9\u03c6\u03b7.jpg\" \/>\n\t<meta property=\"og:image:width\" content=\"800\" \/>\n\t<meta property=\"og:image:height\" content=\"1100\" \/>\n\t<meta property=\"og:image:type\" content=\"image\/jpeg\" \/>\n<meta name=\"twitter:card\" content=\"summary_large_image\" \/>\n<script type=\"application\/ld+json\" class=\"yoast-schema-graph\">{\"@context\":\"https:\/\/schema.org\",\"@graph\":[{\"@type\":\"WebPage\",\"@id\":\"https:\/\/mf.ggeorgiou.work\/fr\/\u03ba\u03b1\u03c4\u03ac\u03c3\u03c4\u03b7\u03bc\u03b1\/produits-de-beaute\/baume-a-la-cire-dabeille-au-propolis\/\",\"url\":\"https:\/\/mf.ggeorgiou.work\/fr\/\u03ba\u03b1\u03c4\u03ac\u03c3\u03c4\u03b7\u03bc\u03b1\/produits-de-beaute\/baume-a-la-cire-dabeille-au-propolis\/\",\"name\":\"BAUME \u00c0 LA CIRE D'ABEILLE AU PROPOLIS, AU MILLEPERTUIS ET \u00c0 L'ALOE - Melissa\",\"isPartOf\":{\"@id\":\"https:\/\/mf.ggeorgiou.work\/#website\"},\"primaryImageOfPage\":{\"@id\":\"https:\/\/mf.ggeorgiou.work\/fr\/\u03ba\u03b1\u03c4\u03ac\u03c3\u03c4\u03b7\u03bc\u03b1\/produits-de-beaute\/baume-a-la-cire-dabeille-au-propolis\/#primaryimage\"},\"image\":{\"@id\":\"https:\/\/mf.ggeorgiou.work\/fr\/\u03ba\u03b1\u03c4\u03ac\u03c3\u03c4\u03b7\u03bc\u03b1\/produits-de-beaute\/baume-a-la-cire-dabeille-au-propolis\/#primaryimage\"},\"thumbnailUrl\":\"https:\/\/mf.ggeorgiou.work\/wp-content\/uploads\/2017\/02\/\u03ba\u03b7\u03c1\u03b1\u03bb\u03bf\u03b9\u03c6\u03b7.jpg\",\"datePublished\":\"2017-02-07T13:41:33+00:00\",\"dateModified\":\"2021-04-11T17:07:20+00:00\",\"breadcrumb\":{\"@id\":\"https:\/\/mf.ggeorgiou.work\/fr\/\u03ba\u03b1\u03c4\u03ac\u03c3\u03c4\u03b7\u03bc\u03b1\/produits-de-beaute\/baume-a-la-cire-dabeille-au-propolis\/#breadcrumb\"},\"inLanguage\":\"fr-FR\",\"potentialAction\":[{\"@type\":\"ReadAction\",\"target\":[\"https:\/\/mf.ggeorgiou.work\/fr\/\u03ba\u03b1\u03c4\u03ac\u03c3\u03c4\u03b7\u03bc\u03b1\/produits-de-beaute\/baume-a-la-cire-dabeille-au-propolis\/\"]}]},{\"@type\":\"ImageObject\",\"inLanguage\":\"fr-FR\",\"@id\":\"https:\/\/mf.ggeorgiou.work\/fr\/\u03ba\u03b1\u03c4\u03ac\u03c3\u03c4\u03b7\u03bc\u03b1\/produits-de-beaute\/baume-a-la-cire-dabeille-au-propolis\/#primaryimage\",\"url\":\"https:\/\/mf.ggeorgiou.work\/wp-content\/uploads\/2017\/02\/\u03ba\u03b7\u03c1\u03b1\u03bb\u03bf\u03b9\u03c6\u03b7.jpg\",\"contentUrl\":\"https:\/\/mf.ggeorgiou.work\/wp-content\/uploads\/2017\/02\/\u03ba\u03b7\u03c1\u03b1\u03bb\u03bf\u03b9\u03c6\u03b7.jpg\",\"width\":800,\"height\":1100},{\"@type\":\"BreadcrumbList\",\"@id\":\"https:\/\/mf.ggeorgiou.work\/fr\/\u03ba\u03b1\u03c4\u03ac\u03c3\u03c4\u03b7\u03bc\u03b1\/produits-de-beaute\/baume-a-la-cire-dabeille-au-propolis\/#breadcrumb\",\"itemListElement\":[{\"@type\":\"ListItem\",\"position\":1,\"name\":\"E-Magazin\",\"item\":\"https:\/\/mf.ggeorgiou.work\/fr\/e-magazin\/\"},{\"@type\":\"ListItem\",\"position\":2,\"name\":\"BAUME \u00c0 LA CIRE D&rsquo;ABEILLE AU PROPOLIS, AU MILLEPERTUIS ET \u00c0 L&rsquo;ALOE\"}]},{\"@type\":\"WebSite\",\"@id\":\"https:\/\/mf.ggeorgiou.work\/#website\",\"url\":\"https:\/\/mf.ggeorgiou.work\/\",\"name\":\"Melissa\",\"description\":\"\u03bf\u03b9\u03ba\u03bf\u03b3\u03b5\u03bd\u03b5\u03b9\u03b1\u03ba\u03ae \u03c0\u03b1\u03c1\u03ac\u03b4\u03bf\u03c3\u03b7 \u03c3\u03c4\u03bf \u03c7\u03ce\u03c1\u03bf \u03c4\u03b7\u03c2 \u03bc\u03b5\u03bb\u03b9\u03c3\u03c3\u03bf\u03ba\u03bf\u03bc\u03af\u03b1\u03c2\",\"potentialAction\":[{\"@type\":\"SearchAction\",\"target\":{\"@type\":\"EntryPoint\",\"urlTemplate\":\"https:\/\/mf.ggeorgiou.work\/?s={search_term_string}\"},\"query-input\":\"required name=search_term_string\"}],\"inLanguage\":\"fr-FR\"}]}<\/script>\n<!-- \/ Yoast SEO plugin. -->","yoast_head_json":{"title":"BAUME \u00c0 LA CIRE D'ABEILLE AU PROPOLIS, AU MILLEPERTUIS ET \u00c0 L'ALOE - Melissa","robots":{"index":"noindex","follow":"follow","max-snippet":"max-snippet:-1","max-image-preview":"max-image-preview:large","max-video-preview":"max-video-preview:-1"},"og_locale":"fr_FR","og_type":"article","og_title":"BAUME \u00c0 LA CIRE D'ABEILLE AU PROPOLIS, AU MILLEPERTUIS ET \u00c0 L'ALOE - Melissa","og_description":"Baume exceptionnel pour la r\u00e9g\u00e9neration de la peau. Il contient du millepertuis, de l'huile de calendule. de l'alo\u00e9 et du propolis. Ce baume peut \u00eatre utilis\u00e9 pour le changement des couches des b\u00e9b\u00e9s (\u00e0 voir toujours avec le p\u00e9diatre en cas d'all\u00e9rgie)  &nbsp;","og_url":"https:\/\/mf.ggeorgiou.work\/fr\/\u03ba\u03b1\u03c4\u03ac\u03c3\u03c4\u03b7\u03bc\u03b1\/produits-de-beaute\/baume-a-la-cire-dabeille-au-propolis\/","og_site_name":"Melissa","article_modified_time":"2021-04-11T17:07:20+00:00","og_image":[{"width":800,"height":1100,"url":"https:\/\/mf.ggeorgiou.work\/wp-content\/uploads\/2017\/02\/\u03ba\u03b7\u03c1\u03b1\u03bb\u03bf\u03b9\u03c6\u03b7.jpg","type":"image\/jpeg"}],"twitter_card":"summary_large_image","schema":{"@context":"https:\/\/schema.org","@graph":[{"@type":"WebPage","@id":"https:\/\/mf.ggeorgiou.work\/fr\/\u03ba\u03b1\u03c4\u03ac\u03c3\u03c4\u03b7\u03bc\u03b1\/produits-de-beaute\/baume-a-la-cire-dabeille-au-propolis\/","url":"https:\/\/mf.ggeorgiou.work\/fr\/\u03ba\u03b1\u03c4\u03ac\u03c3\u03c4\u03b7\u03bc\u03b1\/produits-de-beaute\/baume-a-la-cire-dabeille-au-propolis\/","name":"BAUME \u00c0 LA CIRE D'ABEILLE AU PROPOLIS, AU MILLEPERTUIS ET \u00c0 L'ALOE - Melissa","isPartOf":{"@id":"https:\/\/mf.ggeorgiou.work\/#website"},"primaryImageOfPage":{"@id":"https:\/\/mf.ggeorgiou.work\/fr\/\u03ba\u03b1\u03c4\u03ac\u03c3\u03c4\u03b7\u03bc\u03b1\/produits-de-beaute\/baume-a-la-cire-dabeille-au-propolis\/#primaryimage"},"image":{"@id":"https:\/\/mf.ggeorgiou.work\/fr\/\u03ba\u03b1\u03c4\u03ac\u03c3\u03c4\u03b7\u03bc\u03b1\/produits-de-beaute\/baume-a-la-cire-dabeille-au-propolis\/#primaryimage"},"thumbnailUrl":"https:\/\/mf.ggeorgiou.work\/wp-content\/uploads\/2017\/02\/\u03ba\u03b7\u03c1\u03b1\u03bb\u03bf\u03b9\u03c6\u03b7.jpg","datePublished":"2017-02-07T13:41:33+00:00","dateModified":"2021-04-11T17:07:20+00:00","breadcrumb":{"@id":"https:\/\/mf.ggeorgiou.work\/fr\/\u03ba\u03b1\u03c4\u03ac\u03c3\u03c4\u03b7\u03bc\u03b1\/produits-de-beaute\/baume-a-la-cire-dabeille-au-propolis\/#breadcrumb"},"inLanguage":"fr-FR","potentialAction":[{"@type":"ReadAction","target":["https:\/\/mf.ggeorgiou.work\/fr\/\u03ba\u03b1\u03c4\u03ac\u03c3\u03c4\u03b7\u03bc\u03b1\/produits-de-beaute\/baume-a-la-cire-dabeille-au-propolis\/"]}]},{"@type":"ImageObject","inLanguage":"fr-FR","@id":"https:\/\/mf.ggeorgiou.work\/fr\/\u03ba\u03b1\u03c4\u03ac\u03c3\u03c4\u03b7\u03bc\u03b1\/produits-de-beaute\/baume-a-la-cire-dabeille-au-propolis\/#primaryimage","url":"https:\/\/mf.ggeorgiou.work\/wp-content\/uploads\/2017\/02\/\u03ba\u03b7\u03c1\u03b1\u03bb\u03bf\u03b9\u03c6\u03b7.jpg","contentUrl":"https:\/\/mf.ggeorgiou.work\/wp-content\/uploads\/2017\/02\/\u03ba\u03b7\u03c1\u03b1\u03bb\u03bf\u03b9\u03c6\u03b7.jpg","width":800,"height":1100},{"@type":"BreadcrumbList","@id":"https:\/\/mf.ggeorgiou.work\/fr\/\u03ba\u03b1\u03c4\u03ac\u03c3\u03c4\u03b7\u03bc\u03b1\/produits-de-beaute\/baume-a-la-cire-dabeille-au-propolis\/#breadcrumb","itemListElement":[{"@type":"ListItem","position":1,"name":"E-Magazin","item":"https:\/\/mf.ggeorgiou.work\/fr\/e-magazin\/"},{"@type":"ListItem","position":2,"name":"BAUME \u00c0 LA CIRE D&rsquo;ABEILLE AU PROPOLIS, AU MILLEPERTUIS ET \u00c0 L&rsquo;ALOE"}]},{"@type":"WebSite","@id":"https:\/\/mf.ggeorgiou.work\/#website","url":"https:\/\/mf.ggeorgiou.work\/","name":"Melissa","description":"\u03bf\u03b9\u03ba\u03bf\u03b3\u03b5\u03bd\u03b5\u03b9\u03b1\u03ba\u03ae \u03c0\u03b1\u03c1\u03ac\u03b4\u03bf\u03c3\u03b7 \u03c3\u03c4\u03bf \u03c7\u03ce\u03c1\u03bf \u03c4\u03b7\u03c2 \u03bc\u03b5\u03bb\u03b9\u03c3\u03c3\u03bf\u03ba\u03bf\u03bc\u03af\u03b1\u03c2","potentialAction":[{"@type":"SearchAction","target":{"@type":"EntryPoint","urlTemplate":"https:\/\/mf.ggeorgiou.work\/?s={search_term_string}"},"query-input":"required name=search_term_string"}],"inLanguage":"fr-FR"}]}},"_links":{"self":[{"href":"https:\/\/mf.ggeorgiou.work\/fr\/wp-json\/wp\/v2\/product\/4260"}],"collection":[{"href":"https:\/\/mf.ggeorgiou.work\/fr\/wp-json\/wp\/v2\/product"}],"about":[{"href":"https:\/\/mf.ggeorgiou.work\/fr\/wp-json\/wp\/v2\/types\/product"}],"wp:featuredmedia":[{"embeddable":true,"href":"https:\/\/mf.ggeorgiou.work\/fr\/wp-json\/wp\/v2\/media\/5626"}],"wp:attachment":[{"href":"https:\/\/mf.ggeorgiou.work\/fr\/wp-json\/wp\/v2\/media?parent=4260"}],"wp:term":[{"taxonomy":"product_cat","embeddable":true,"href":"https:\/\/mf.ggeorgiou.work\/fr\/wp-json\/wp\/v2\/product_cat?post=4260"},{"taxonomy":"product_tag","embeddable":true,"href":"https:\/\/mf.ggeorgiou.work\/fr\/wp-json\/wp\/v2\/product_tag?post=4260"}],"curies":[{"name":"wp","href":"https:\/\/api.w.org\/{rel}","templated":true}]}}