{"id":3961,"date":"2020-04-26T16:08:17","date_gmt":"2020-04-26T13:08:17","guid":{"rendered":"http:\/\/mf.ggeorgiou.work\/shop\/uncategorized\/savon-contre-la-cellulite\/"},"modified":"2021-04-11T20:07:59","modified_gmt":"2021-04-11T17:07:59","slug":"savon-contre-la-cellulite","status":"publish","type":"product","link":"https:\/\/mf.ggeorgiou.work\/fr\/\u03ba\u03b1\u03c4\u03ac\u03c3\u03c4\u03b7\u03bc\u03b1\/produits-de-beaute\/savon-contre-la-cellulite\/","title":{"rendered":"Savon contre la cellulite"},"content":{"rendered":"","protected":false},"excerpt":{"rendered":"<p>Savon de glycerine \u00e0 l&rsquo;huile de cannabis, au miel et aux graines de pavot. Il aide \u00e0 la cellulite. \u00c0 la forme id\u00e9ale pour un massage qui rajeunit, hydrate et enl\u00e8ve les cellules mortes.<\/p>\n","protected":false},"featured_media":5610,"template":"","meta":[],"product_cat":[125],"product_tag":[],"yoast_head":"<!-- This site is optimized with the Yoast SEO plugin v22.7 - https:\/\/yoast.com\/wordpress\/plugins\/seo\/ -->\n<title>Savon contre la cellulite - Melissa<\/title>\n<meta name=\"robots\" content=\"noindex, follow, max-snippet:-1, max-image-preview:large, max-video-preview:-1\" \/>\n<meta property=\"og:locale\" content=\"fr_FR\" \/>\n<meta property=\"og:type\" content=\"article\" \/>\n<meta property=\"og:title\" content=\"Savon contre la cellulite - Melissa\" \/>\n<meta property=\"og:description\" content=\"Savon de glycerine \u00e0 l&#039;huile de cannabis, au miel et aux graines de pavot. Il aide \u00e0 la cellulite. \u00c0 la forme id\u00e9ale pour un massage qui rajeunit, hydrate et enl\u00e8ve les cellules mortes.\" \/>\n<meta property=\"og:url\" content=\"https:\/\/mf.ggeorgiou.work\/fr\/\u03ba\u03b1\u03c4\u03ac\u03c3\u03c4\u03b7\u03bc\u03b1\/produits-de-beaute\/savon-contre-la-cellulite\/\" \/>\n<meta property=\"og:site_name\" content=\"Melissa\" \/>\n<meta property=\"article:modified_time\" content=\"2021-04-11T17:07:59+00:00\" \/>\n<meta property=\"og:image\" content=\"https:\/\/mf.ggeorgiou.work\/wp-content\/uploads\/2020\/04\/\u039a\u03a5\u03a4\u03a4\u0391\u03a1\u0399\u03a4\u0399\u0394\u0391-soap-1.jpg\" \/>\n\t<meta property=\"og:image:width\" content=\"800\" \/>\n\t<meta property=\"og:image:height\" content=\"1100\" \/>\n\t<meta property=\"og:image:type\" content=\"image\/jpeg\" \/>\n<meta name=\"twitter:card\" content=\"summary_large_image\" \/>\n<script type=\"application\/ld+json\" class=\"yoast-schema-graph\">{\"@context\":\"https:\/\/schema.org\",\"@graph\":[{\"@type\":\"WebPage\",\"@id\":\"https:\/\/mf.ggeorgiou.work\/fr\/\u03ba\u03b1\u03c4\u03ac\u03c3\u03c4\u03b7\u03bc\u03b1\/produits-de-beaute\/savon-contre-la-cellulite\/\",\"url\":\"https:\/\/mf.ggeorgiou.work\/fr\/\u03ba\u03b1\u03c4\u03ac\u03c3\u03c4\u03b7\u03bc\u03b1\/produits-de-beaute\/savon-contre-la-cellulite\/\",\"name\":\"Savon contre la cellulite - Melissa\",\"isPartOf\":{\"@id\":\"https:\/\/mf.ggeorgiou.work\/#website\"},\"primaryImageOfPage\":{\"@id\":\"https:\/\/mf.ggeorgiou.work\/fr\/\u03ba\u03b1\u03c4\u03ac\u03c3\u03c4\u03b7\u03bc\u03b1\/produits-de-beaute\/savon-contre-la-cellulite\/#primaryimage\"},\"image\":{\"@id\":\"https:\/\/mf.ggeorgiou.work\/fr\/\u03ba\u03b1\u03c4\u03ac\u03c3\u03c4\u03b7\u03bc\u03b1\/produits-de-beaute\/savon-contre-la-cellulite\/#primaryimage\"},\"thumbnailUrl\":\"https:\/\/mf.ggeorgiou.work\/wp-content\/uploads\/2020\/04\/\u039a\u03a5\u03a4\u03a4\u0391\u03a1\u0399\u03a4\u0399\u0394\u0391-soap-1.jpg\",\"datePublished\":\"2020-04-26T13:08:17+00:00\",\"dateModified\":\"2021-04-11T17:07:59+00:00\",\"breadcrumb\":{\"@id\":\"https:\/\/mf.ggeorgiou.work\/fr\/\u03ba\u03b1\u03c4\u03ac\u03c3\u03c4\u03b7\u03bc\u03b1\/produits-de-beaute\/savon-contre-la-cellulite\/#breadcrumb\"},\"inLanguage\":\"fr-FR\",\"potentialAction\":[{\"@type\":\"ReadAction\",\"target\":[\"https:\/\/mf.ggeorgiou.work\/fr\/\u03ba\u03b1\u03c4\u03ac\u03c3\u03c4\u03b7\u03bc\u03b1\/produits-de-beaute\/savon-contre-la-cellulite\/\"]}]},{\"@type\":\"ImageObject\",\"inLanguage\":\"fr-FR\",\"@id\":\"https:\/\/mf.ggeorgiou.work\/fr\/\u03ba\u03b1\u03c4\u03ac\u03c3\u03c4\u03b7\u03bc\u03b1\/produits-de-beaute\/savon-contre-la-cellulite\/#primaryimage\",\"url\":\"https:\/\/mf.ggeorgiou.work\/wp-content\/uploads\/2020\/04\/\u039a\u03a5\u03a4\u03a4\u0391\u03a1\u0399\u03a4\u0399\u0394\u0391-soap-1.jpg\",\"contentUrl\":\"https:\/\/mf.ggeorgiou.work\/wp-content\/uploads\/2020\/04\/\u039a\u03a5\u03a4\u03a4\u0391\u03a1\u0399\u03a4\u0399\u0394\u0391-soap-1.jpg\",\"width\":800,\"height\":1100},{\"@type\":\"BreadcrumbList\",\"@id\":\"https:\/\/mf.ggeorgiou.work\/fr\/\u03ba\u03b1\u03c4\u03ac\u03c3\u03c4\u03b7\u03bc\u03b1\/produits-de-beaute\/savon-contre-la-cellulite\/#breadcrumb\",\"itemListElement\":[{\"@type\":\"ListItem\",\"position\":1,\"name\":\"E-Magazin\",\"item\":\"https:\/\/mf.ggeorgiou.work\/fr\/e-magazin\/\"},{\"@type\":\"ListItem\",\"position\":2,\"name\":\"Savon contre la cellulite\"}]},{\"@type\":\"WebSite\",\"@id\":\"https:\/\/mf.ggeorgiou.work\/#website\",\"url\":\"https:\/\/mf.ggeorgiou.work\/\",\"name\":\"Melissa\",\"description\":\"\u03bf\u03b9\u03ba\u03bf\u03b3\u03b5\u03bd\u03b5\u03b9\u03b1\u03ba\u03ae \u03c0\u03b1\u03c1\u03ac\u03b4\u03bf\u03c3\u03b7 \u03c3\u03c4\u03bf \u03c7\u03ce\u03c1\u03bf \u03c4\u03b7\u03c2 \u03bc\u03b5\u03bb\u03b9\u03c3\u03c3\u03bf\u03ba\u03bf\u03bc\u03af\u03b1\u03c2\",\"potentialAction\":[{\"@type\":\"SearchAction\",\"target\":{\"@type\":\"EntryPoint\",\"urlTemplate\":\"https:\/\/mf.ggeorgiou.work\/?s={search_term_string}\"},\"query-input\":\"required name=search_term_string\"}],\"inLanguage\":\"fr-FR\"}]}<\/script>\n<!-- \/ Yoast SEO plugin. -->","yoast_head_json":{"title":"Savon contre la cellulite - Melissa","robots":{"index":"noindex","follow":"follow","max-snippet":"max-snippet:-1","max-image-preview":"max-image-preview:large","max-video-preview":"max-video-preview:-1"},"og_locale":"fr_FR","og_type":"article","og_title":"Savon contre la cellulite - Melissa","og_description":"Savon de glycerine \u00e0 l'huile de cannabis, au miel et aux graines de pavot. Il aide \u00e0 la cellulite. \u00c0 la forme id\u00e9ale pour un massage qui rajeunit, hydrate et enl\u00e8ve les cellules mortes.","og_url":"https:\/\/mf.ggeorgiou.work\/fr\/\u03ba\u03b1\u03c4\u03ac\u03c3\u03c4\u03b7\u03bc\u03b1\/produits-de-beaute\/savon-contre-la-cellulite\/","og_site_name":"Melissa","article_modified_time":"2021-04-11T17:07:59+00:00","og_image":[{"width":800,"height":1100,"url":"https:\/\/mf.ggeorgiou.work\/wp-content\/uploads\/2020\/04\/\u039a\u03a5\u03a4\u03a4\u0391\u03a1\u0399\u03a4\u0399\u0394\u0391-soap-1.jpg","type":"image\/jpeg"}],"twitter_card":"summary_large_image","schema":{"@context":"https:\/\/schema.org","@graph":[{"@type":"WebPage","@id":"https:\/\/mf.ggeorgiou.work\/fr\/\u03ba\u03b1\u03c4\u03ac\u03c3\u03c4\u03b7\u03bc\u03b1\/produits-de-beaute\/savon-contre-la-cellulite\/","url":"https:\/\/mf.ggeorgiou.work\/fr\/\u03ba\u03b1\u03c4\u03ac\u03c3\u03c4\u03b7\u03bc\u03b1\/produits-de-beaute\/savon-contre-la-cellulite\/","name":"Savon contre la cellulite - Melissa","isPartOf":{"@id":"https:\/\/mf.ggeorgiou.work\/#website"},"primaryImageOfPage":{"@id":"https:\/\/mf.ggeorgiou.work\/fr\/\u03ba\u03b1\u03c4\u03ac\u03c3\u03c4\u03b7\u03bc\u03b1\/produits-de-beaute\/savon-contre-la-cellulite\/#primaryimage"},"image":{"@id":"https:\/\/mf.ggeorgiou.work\/fr\/\u03ba\u03b1\u03c4\u03ac\u03c3\u03c4\u03b7\u03bc\u03b1\/produits-de-beaute\/savon-contre-la-cellulite\/#primaryimage"},"thumbnailUrl":"https:\/\/mf.ggeorgiou.work\/wp-content\/uploads\/2020\/04\/\u039a\u03a5\u03a4\u03a4\u0391\u03a1\u0399\u03a4\u0399\u0394\u0391-soap-1.jpg","datePublished":"2020-04-26T13:08:17+00:00","dateModified":"2021-04-11T17:07:59+00:00","breadcrumb":{"@id":"https:\/\/mf.ggeorgiou.work\/fr\/\u03ba\u03b1\u03c4\u03ac\u03c3\u03c4\u03b7\u03bc\u03b1\/produits-de-beaute\/savon-contre-la-cellulite\/#breadcrumb"},"inLanguage":"fr-FR","potentialAction":[{"@type":"ReadAction","target":["https:\/\/mf.ggeorgiou.work\/fr\/\u03ba\u03b1\u03c4\u03ac\u03c3\u03c4\u03b7\u03bc\u03b1\/produits-de-beaute\/savon-contre-la-cellulite\/"]}]},{"@type":"ImageObject","inLanguage":"fr-FR","@id":"https:\/\/mf.ggeorgiou.work\/fr\/\u03ba\u03b1\u03c4\u03ac\u03c3\u03c4\u03b7\u03bc\u03b1\/produits-de-beaute\/savon-contre-la-cellulite\/#primaryimage","url":"https:\/\/mf.ggeorgiou.work\/wp-content\/uploads\/2020\/04\/\u039a\u03a5\u03a4\u03a4\u0391\u03a1\u0399\u03a4\u0399\u0394\u0391-soap-1.jpg","contentUrl":"https:\/\/mf.ggeorgiou.work\/wp-content\/uploads\/2020\/04\/\u039a\u03a5\u03a4\u03a4\u0391\u03a1\u0399\u03a4\u0399\u0394\u0391-soap-1.jpg","width":800,"height":1100},{"@type":"BreadcrumbList","@id":"https:\/\/mf.ggeorgiou.work\/fr\/\u03ba\u03b1\u03c4\u03ac\u03c3\u03c4\u03b7\u03bc\u03b1\/produits-de-beaute\/savon-contre-la-cellulite\/#breadcrumb","itemListElement":[{"@type":"ListItem","position":1,"name":"E-Magazin","item":"https:\/\/mf.ggeorgiou.work\/fr\/e-magazin\/"},{"@type":"ListItem","position":2,"name":"Savon contre la cellulite"}]},{"@type":"WebSite","@id":"https:\/\/mf.ggeorgiou.work\/#website","url":"https:\/\/mf.ggeorgiou.work\/","name":"Melissa","description":"\u03bf\u03b9\u03ba\u03bf\u03b3\u03b5\u03bd\u03b5\u03b9\u03b1\u03ba\u03ae \u03c0\u03b1\u03c1\u03ac\u03b4\u03bf\u03c3\u03b7 \u03c3\u03c4\u03bf \u03c7\u03ce\u03c1\u03bf \u03c4\u03b7\u03c2 \u03bc\u03b5\u03bb\u03b9\u03c3\u03c3\u03bf\u03ba\u03bf\u03bc\u03af\u03b1\u03c2","potentialAction":[{"@type":"SearchAction","target":{"@type":"EntryPoint","urlTemplate":"https:\/\/mf.ggeorgiou.work\/?s={search_term_string}"},"query-input":"required name=search_term_string"}],"inLanguage":"fr-FR"}]}},"_links":{"self":[{"href":"https:\/\/mf.ggeorgiou.work\/fr\/wp-json\/wp\/v2\/product\/3961"}],"collection":[{"href":"https:\/\/mf.ggeorgiou.work\/fr\/wp-json\/wp\/v2\/product"}],"about":[{"href":"https:\/\/mf.ggeorgiou.work\/fr\/wp-json\/wp\/v2\/types\/product"}],"wp:featuredmedia":[{"embeddable":true,"href":"https:\/\/mf.ggeorgiou.work\/fr\/wp-json\/wp\/v2\/media\/5610"}],"wp:attachment":[{"href":"https:\/\/mf.ggeorgiou.work\/fr\/wp-json\/wp\/v2\/media?parent=3961"}],"wp:term":[{"taxonomy":"product_cat","embeddable":true,"href":"https:\/\/mf.ggeorgiou.work\/fr\/wp-json\/wp\/v2\/product_cat?post=3961"},{"taxonomy":"product_tag","embeddable":true,"href":"https:\/\/mf.ggeorgiou.work\/fr\/wp-json\/wp\/v2\/product_tag?post=3961"}],"curies":[{"name":"wp","href":"https:\/\/api.w.org\/{rel}","templated":true}]}}