{"id":6768,"date":"2021-04-15T21:50:31","date_gmt":"2021-04-15T18:50:31","guid":{"rendered":"http:\/\/mf.ggeorgiou.work\/?page_id=6768"},"modified":"2021-04-15T21:50:33","modified_gmt":"2021-04-15T18:50:33","slug":"miel-pistache-degine","status":"publish","type":"page","link":"https:\/\/mf.ggeorgiou.work\/fr\/miel-pistache-degine\/","title":{"rendered":"MIEL -PISTACHE D&rsquo;\u00c9GINE"},"content":{"rendered":"\n<p>le texte qui accompagnait le prix:<\/p>\n\n\n\n<p> De couleur sombre et de texture dense, les notes fum\u00e9es de son d\u00e9but sont suivies par celles de la pistache et \u00e0 la fin, par celles du cacao. Un arri\u00e8re-go\u00fbt doux-amer donne l&rsquo;\u00e9quilibre du produit. Tr\u00e8s savoureuse dans son ensemble, merveilleusement dense et visqueuse, cette p\u00e2te \u00e0 tartiner \u00e0 base de miel a un go\u00fbt satisfaisant de pistache d&rsquo;\u00c9gine avec une finale longue dur\u00e9e.<\/p>\n\n\n\n<p>Le miel qu&rsquo;il contient, lui donne une douceur pas du tout g\u00eanante tout en r\u00e9ussissant \u00e0 rehausser le go\u00fbt de la pistache moulue, le rendant vraiment distinct dans ce produit, en le combinant harmonieusement avec la pr\u00e9sence discr\u00e8te du cacao \u00ab\u00a0<\/p>\n\n\n\n<p><\/p>\n","protected":false},"excerpt":{"rendered":"<p>le texte qui accompagnait le prix: De couleur sombre et de texture dense, les notes fum\u00e9es de son d\u00e9but sont suivies par celles de la pistache et \u00e0 la fin, par celles du cacao. Un arri\u00e8re-go\u00fbt doux-amer donne l&rsquo;\u00e9quilibre du produit. Tr\u00e8s savoureuse dans son ensemble, merveilleusement dense et visqueuse, cette p\u00e2te \u00e0 tartiner \u00e0&#8230; <a href=\"https:\/\/mf.ggeorgiou.work\/fr\/miel-pistache-degine\/\" class=\"readmore\">Read More<\/a><\/p>\n","protected":false},"author":10,"featured_media":5199,"parent":0,"menu_order":0,"comment_status":"closed","ping_status":"closed","template":"","meta":{"footnotes":""},"yoast_head":"<!-- This site is optimized with the Yoast SEO plugin v22.7 - https:\/\/yoast.com\/wordpress\/plugins\/seo\/ -->\n<title>MIEL -PISTACHE D&#039;\u00c9GINE - Melissa<\/title>\n<meta name=\"robots\" content=\"noindex, follow, max-snippet:-1, max-image-preview:large, max-video-preview:-1\" \/>\n<meta property=\"og:locale\" content=\"fr_FR\" \/>\n<meta property=\"og:type\" content=\"article\" \/>\n<meta property=\"og:title\" content=\"MIEL -PISTACHE D&#039;\u00c9GINE - Melissa\" \/>\n<meta property=\"og:description\" content=\"le texte qui accompagnait le prix: De couleur sombre et de texture dense, les notes fum\u00e9es de son d\u00e9but sont suivies par celles de la pistache et \u00e0 la fin, par celles du cacao. Un arri\u00e8re-go\u00fbt doux-amer donne l&rsquo;\u00e9quilibre du produit. Tr\u00e8s savoureuse dans son ensemble, merveilleusement dense et visqueuse, cette p\u00e2te \u00e0 tartiner \u00e0... Read More\" \/>\n<meta property=\"og:url\" content=\"https:\/\/mf.ggeorgiou.work\/fr\/miel-pistache-degine\/\" \/>\n<meta property=\"og:site_name\" content=\"Melissa\" \/>\n<meta property=\"article:modified_time\" content=\"2021-04-15T18:50:33+00:00\" \/>\n<meta property=\"og:image\" content=\"https:\/\/mf.ggeorgiou.work\/wp-content\/uploads\/2021\/02\/GREAT-TASTE-PISTACHIO-2.jpg\" \/>\n\t<meta property=\"og:image:width\" content=\"554\" \/>\n\t<meta property=\"og:image:height\" content=\"749\" \/>\n\t<meta property=\"og:image:type\" content=\"image\/jpeg\" \/>\n<meta name=\"twitter:card\" content=\"summary_large_image\" \/>\n<meta name=\"twitter:label1\" content=\"Dur\u00e9e de lecture estim\u00e9e\" \/>\n\t<meta name=\"twitter:data1\" content=\"1 minute\" \/>\n<script type=\"application\/ld+json\" class=\"yoast-schema-graph\">{\"@context\":\"https:\/\/schema.org\",\"@graph\":[{\"@type\":\"WebPage\",\"@id\":\"https:\/\/mf.ggeorgiou.work\/fr\/miel-pistache-degine\/\",\"url\":\"https:\/\/mf.ggeorgiou.work\/fr\/miel-pistache-degine\/\",\"name\":\"MIEL -PISTACHE D'\u00c9GINE - Melissa\",\"isPartOf\":{\"@id\":\"https:\/\/mf.ggeorgiou.work\/#website\"},\"primaryImageOfPage\":{\"@id\":\"https:\/\/mf.ggeorgiou.work\/fr\/miel-pistache-degine\/#primaryimage\"},\"image\":{\"@id\":\"https:\/\/mf.ggeorgiou.work\/fr\/miel-pistache-degine\/#primaryimage\"},\"thumbnailUrl\":\"https:\/\/mf.ggeorgiou.work\/wp-content\/uploads\/2021\/02\/GREAT-TASTE-PISTACHIO-2.jpg\",\"datePublished\":\"2021-04-15T18:50:31+00:00\",\"dateModified\":\"2021-04-15T18:50:33+00:00\",\"inLanguage\":\"fr-FR\",\"potentialAction\":[{\"@type\":\"ReadAction\",\"target\":[\"https:\/\/mf.ggeorgiou.work\/fr\/miel-pistache-degine\/\"]}]},{\"@type\":\"ImageObject\",\"inLanguage\":\"fr-FR\",\"@id\":\"https:\/\/mf.ggeorgiou.work\/fr\/miel-pistache-degine\/#primaryimage\",\"url\":\"https:\/\/mf.ggeorgiou.work\/wp-content\/uploads\/2021\/02\/GREAT-TASTE-PISTACHIO-2.jpg\",\"contentUrl\":\"https:\/\/mf.ggeorgiou.work\/wp-content\/uploads\/2021\/02\/GREAT-TASTE-PISTACHIO-2.jpg\",\"width\":554,\"height\":749},{\"@type\":\"WebSite\",\"@id\":\"https:\/\/mf.ggeorgiou.work\/#website\",\"url\":\"https:\/\/mf.ggeorgiou.work\/\",\"name\":\"Melissa\",\"description\":\"\u03bf\u03b9\u03ba\u03bf\u03b3\u03b5\u03bd\u03b5\u03b9\u03b1\u03ba\u03ae \u03c0\u03b1\u03c1\u03ac\u03b4\u03bf\u03c3\u03b7 \u03c3\u03c4\u03bf \u03c7\u03ce\u03c1\u03bf \u03c4\u03b7\u03c2 \u03bc\u03b5\u03bb\u03b9\u03c3\u03c3\u03bf\u03ba\u03bf\u03bc\u03af\u03b1\u03c2\",\"potentialAction\":[{\"@type\":\"SearchAction\",\"target\":{\"@type\":\"EntryPoint\",\"urlTemplate\":\"https:\/\/mf.ggeorgiou.work\/?s={search_term_string}\"},\"query-input\":\"required name=search_term_string\"}],\"inLanguage\":\"fr-FR\"}]}<\/script>\n<!-- \/ Yoast SEO plugin. -->","yoast_head_json":{"title":"MIEL -PISTACHE D'\u00c9GINE - Melissa","robots":{"index":"noindex","follow":"follow","max-snippet":"max-snippet:-1","max-image-preview":"max-image-preview:large","max-video-preview":"max-video-preview:-1"},"og_locale":"fr_FR","og_type":"article","og_title":"MIEL -PISTACHE D'\u00c9GINE - Melissa","og_description":"le texte qui accompagnait le prix: De couleur sombre et de texture dense, les notes fum\u00e9es de son d\u00e9but sont suivies par celles de la pistache et \u00e0 la fin, par celles du cacao. Un arri\u00e8re-go\u00fbt doux-amer donne l&rsquo;\u00e9quilibre du produit. Tr\u00e8s savoureuse dans son ensemble, merveilleusement dense et visqueuse, cette p\u00e2te \u00e0 tartiner \u00e0... Read More","og_url":"https:\/\/mf.ggeorgiou.work\/fr\/miel-pistache-degine\/","og_site_name":"Melissa","article_modified_time":"2021-04-15T18:50:33+00:00","og_image":[{"width":554,"height":749,"url":"https:\/\/mf.ggeorgiou.work\/wp-content\/uploads\/2021\/02\/GREAT-TASTE-PISTACHIO-2.jpg","type":"image\/jpeg"}],"twitter_card":"summary_large_image","twitter_misc":{"Dur\u00e9e de lecture estim\u00e9e":"1 minute"},"schema":{"@context":"https:\/\/schema.org","@graph":[{"@type":"WebPage","@id":"https:\/\/mf.ggeorgiou.work\/fr\/miel-pistache-degine\/","url":"https:\/\/mf.ggeorgiou.work\/fr\/miel-pistache-degine\/","name":"MIEL -PISTACHE D'\u00c9GINE - Melissa","isPartOf":{"@id":"https:\/\/mf.ggeorgiou.work\/#website"},"primaryImageOfPage":{"@id":"https:\/\/mf.ggeorgiou.work\/fr\/miel-pistache-degine\/#primaryimage"},"image":{"@id":"https:\/\/mf.ggeorgiou.work\/fr\/miel-pistache-degine\/#primaryimage"},"thumbnailUrl":"https:\/\/mf.ggeorgiou.work\/wp-content\/uploads\/2021\/02\/GREAT-TASTE-PISTACHIO-2.jpg","datePublished":"2021-04-15T18:50:31+00:00","dateModified":"2021-04-15T18:50:33+00:00","inLanguage":"fr-FR","potentialAction":[{"@type":"ReadAction","target":["https:\/\/mf.ggeorgiou.work\/fr\/miel-pistache-degine\/"]}]},{"@type":"ImageObject","inLanguage":"fr-FR","@id":"https:\/\/mf.ggeorgiou.work\/fr\/miel-pistache-degine\/#primaryimage","url":"https:\/\/mf.ggeorgiou.work\/wp-content\/uploads\/2021\/02\/GREAT-TASTE-PISTACHIO-2.jpg","contentUrl":"https:\/\/mf.ggeorgiou.work\/wp-content\/uploads\/2021\/02\/GREAT-TASTE-PISTACHIO-2.jpg","width":554,"height":749},{"@type":"WebSite","@id":"https:\/\/mf.ggeorgiou.work\/#website","url":"https:\/\/mf.ggeorgiou.work\/","name":"Melissa","description":"\u03bf\u03b9\u03ba\u03bf\u03b3\u03b5\u03bd\u03b5\u03b9\u03b1\u03ba\u03ae \u03c0\u03b1\u03c1\u03ac\u03b4\u03bf\u03c3\u03b7 \u03c3\u03c4\u03bf \u03c7\u03ce\u03c1\u03bf \u03c4\u03b7\u03c2 \u03bc\u03b5\u03bb\u03b9\u03c3\u03c3\u03bf\u03ba\u03bf\u03bc\u03af\u03b1\u03c2","potentialAction":[{"@type":"SearchAction","target":{"@type":"EntryPoint","urlTemplate":"https:\/\/mf.ggeorgiou.work\/?s={search_term_string}"},"query-input":"required name=search_term_string"}],"inLanguage":"fr-FR"}]}},"_links":{"self":[{"href":"https:\/\/mf.ggeorgiou.work\/fr\/wp-json\/wp\/v2\/pages\/6768"}],"collection":[{"href":"https:\/\/mf.ggeorgiou.work\/fr\/wp-json\/wp\/v2\/pages"}],"about":[{"href":"https:\/\/mf.ggeorgiou.work\/fr\/wp-json\/wp\/v2\/types\/page"}],"author":[{"embeddable":true,"href":"https:\/\/mf.ggeorgiou.work\/fr\/wp-json\/wp\/v2\/users\/10"}],"replies":[{"embeddable":true,"href":"https:\/\/mf.ggeorgiou.work\/fr\/wp-json\/wp\/v2\/comments?post=6768"}],"version-history":[{"count":1,"href":"https:\/\/mf.ggeorgiou.work\/fr\/wp-json\/wp\/v2\/pages\/6768\/revisions"}],"predecessor-version":[{"id":6769,"href":"https:\/\/mf.ggeorgiou.work\/fr\/wp-json\/wp\/v2\/pages\/6768\/revisions\/6769"}],"wp:featuredmedia":[{"embeddable":true,"href":"https:\/\/mf.ggeorgiou.work\/fr\/wp-json\/wp\/v2\/media\/5199"}],"wp:attachment":[{"href":"https:\/\/mf.ggeorgiou.work\/fr\/wp-json\/wp\/v2\/media?parent=6768"}],"curies":[{"name":"wp","href":"https:\/\/api.w.org\/{rel}","templated":true}]}}