{"id":6764,"date":"2021-04-15T21:38:49","date_gmt":"2021-04-15T18:38:49","guid":{"rendered":"http:\/\/mf.ggeorgiou.work\/?page_id=6764"},"modified":"2021-04-15T21:38:50","modified_gmt":"2021-04-15T18:38:50","slug":"miel-de-caroub","status":"publish","type":"page","link":"https:\/\/mf.ggeorgiou.work\/fr\/miel-de-caroub\/","title":{"rendered":"MIEL DE CAROUB"},"content":{"rendered":"\n<p>Le texte qui accompagnait le prix:<\/p>\n\n\n\n<p>Ce miel a une couche de saveur extr\u00eamement riche d\u00e8s la premi\u00e8re cuill\u00e8re. Ar\u00f4me unique, floral mais en m\u00eame temps avec de fortes notes de chocolat et de caramel, et une touche d&rsquo;acidit\u00e9 claire qui s&rsquo;oppose \u00e0 sa douceur!<\/p>\n\n\n\n<p>De couleur fonc\u00e9e, d&rsquo;une densit\u00e9 et d&rsquo;une consistance incroyables, c&rsquo;est un miel aux grandes propri\u00e9t\u00e9s et vraiment merveilleux. Ar\u00f4me fort de caramel doux. Sa texture \u00e9paisse a une sensation l\u00e9g\u00e8rement granuleuse en bouche, mais pas du tout d\u00e9sagr\u00e9able, qui est suivie d&rsquo;un go\u00fbt l\u00e9g\u00e8rement amer, dense et d&rsquo;une grande profondeur!<\/p>\n","protected":false},"excerpt":{"rendered":"<p>Le texte qui accompagnait le prix: Ce miel a une couche de saveur extr\u00eamement riche d\u00e8s la premi\u00e8re cuill\u00e8re. Ar\u00f4me unique, floral mais en m\u00eame temps avec de fortes notes de chocolat et de caramel, et une touche d&rsquo;acidit\u00e9 claire qui s&rsquo;oppose \u00e0 sa douceur! De couleur fonc\u00e9e, d&rsquo;une densit\u00e9 et d&rsquo;une consistance incroyables, c&rsquo;est&#8230; <a href=\"https:\/\/mf.ggeorgiou.work\/fr\/miel-de-caroub\/\" class=\"readmore\">Read More<\/a><\/p>\n","protected":false},"author":10,"featured_media":5193,"parent":0,"menu_order":0,"comment_status":"closed","ping_status":"closed","template":"","meta":{"footnotes":""},"yoast_head":"<!-- This site is optimized with the Yoast SEO plugin v22.7 - https:\/\/yoast.com\/wordpress\/plugins\/seo\/ -->\n<title>MIEL DE CAROUB - Melissa<\/title>\n<meta name=\"robots\" content=\"noindex, follow, max-snippet:-1, max-image-preview:large, max-video-preview:-1\" \/>\n<meta property=\"og:locale\" content=\"fr_FR\" \/>\n<meta property=\"og:type\" content=\"article\" \/>\n<meta property=\"og:title\" content=\"MIEL DE CAROUB - Melissa\" \/>\n<meta property=\"og:description\" content=\"Le texte qui accompagnait le prix: Ce miel a une couche de saveur extr\u00eamement riche d\u00e8s la premi\u00e8re cuill\u00e8re. Ar\u00f4me unique, floral mais en m\u00eame temps avec de fortes notes de chocolat et de caramel, et une touche d&rsquo;acidit\u00e9 claire qui s&rsquo;oppose \u00e0 sa douceur! De couleur fonc\u00e9e, d&rsquo;une densit\u00e9 et d&rsquo;une consistance incroyables, c&rsquo;est... Read More\" \/>\n<meta property=\"og:url\" content=\"https:\/\/mf.ggeorgiou.work\/fr\/miel-de-caroub\/\" \/>\n<meta property=\"og:site_name\" content=\"Melissa\" \/>\n<meta property=\"article:modified_time\" content=\"2021-04-15T18:38:50+00:00\" \/>\n<meta property=\"og:image\" content=\"https:\/\/mf.ggeorgiou.work\/wp-content\/uploads\/2021\/02\/GREAT-TASTE-CAROB-2.jpg\" \/>\n\t<meta property=\"og:image:width\" content=\"553\" \/>\n\t<meta property=\"og:image:height\" content=\"748\" \/>\n\t<meta property=\"og:image:type\" content=\"image\/jpeg\" \/>\n<meta name=\"twitter:card\" content=\"summary_large_image\" \/>\n<meta name=\"twitter:label1\" content=\"Dur\u00e9e de lecture estim\u00e9e\" \/>\n\t<meta name=\"twitter:data1\" content=\"1 minute\" \/>\n<script type=\"application\/ld+json\" class=\"yoast-schema-graph\">{\"@context\":\"https:\/\/schema.org\",\"@graph\":[{\"@type\":\"WebPage\",\"@id\":\"https:\/\/mf.ggeorgiou.work\/fr\/miel-de-caroub\/\",\"url\":\"https:\/\/mf.ggeorgiou.work\/fr\/miel-de-caroub\/\",\"name\":\"MIEL DE CAROUB - Melissa\",\"isPartOf\":{\"@id\":\"https:\/\/mf.ggeorgiou.work\/#website\"},\"primaryImageOfPage\":{\"@id\":\"https:\/\/mf.ggeorgiou.work\/fr\/miel-de-caroub\/#primaryimage\"},\"image\":{\"@id\":\"https:\/\/mf.ggeorgiou.work\/fr\/miel-de-caroub\/#primaryimage\"},\"thumbnailUrl\":\"https:\/\/mf.ggeorgiou.work\/wp-content\/uploads\/2021\/02\/GREAT-TASTE-CAROB-2.jpg\",\"datePublished\":\"2021-04-15T18:38:49+00:00\",\"dateModified\":\"2021-04-15T18:38:50+00:00\",\"inLanguage\":\"fr-FR\",\"potentialAction\":[{\"@type\":\"ReadAction\",\"target\":[\"https:\/\/mf.ggeorgiou.work\/fr\/miel-de-caroub\/\"]}]},{\"@type\":\"ImageObject\",\"inLanguage\":\"fr-FR\",\"@id\":\"https:\/\/mf.ggeorgiou.work\/fr\/miel-de-caroub\/#primaryimage\",\"url\":\"https:\/\/mf.ggeorgiou.work\/wp-content\/uploads\/2021\/02\/GREAT-TASTE-CAROB-2.jpg\",\"contentUrl\":\"https:\/\/mf.ggeorgiou.work\/wp-content\/uploads\/2021\/02\/GREAT-TASTE-CAROB-2.jpg\",\"width\":553,\"height\":748},{\"@type\":\"WebSite\",\"@id\":\"https:\/\/mf.ggeorgiou.work\/#website\",\"url\":\"https:\/\/mf.ggeorgiou.work\/\",\"name\":\"Melissa\",\"description\":\"\u03bf\u03b9\u03ba\u03bf\u03b3\u03b5\u03bd\u03b5\u03b9\u03b1\u03ba\u03ae \u03c0\u03b1\u03c1\u03ac\u03b4\u03bf\u03c3\u03b7 \u03c3\u03c4\u03bf \u03c7\u03ce\u03c1\u03bf \u03c4\u03b7\u03c2 \u03bc\u03b5\u03bb\u03b9\u03c3\u03c3\u03bf\u03ba\u03bf\u03bc\u03af\u03b1\u03c2\",\"potentialAction\":[{\"@type\":\"SearchAction\",\"target\":{\"@type\":\"EntryPoint\",\"urlTemplate\":\"https:\/\/mf.ggeorgiou.work\/?s={search_term_string}\"},\"query-input\":\"required name=search_term_string\"}],\"inLanguage\":\"fr-FR\"}]}<\/script>\n<!-- \/ Yoast SEO plugin. -->","yoast_head_json":{"title":"MIEL DE CAROUB - Melissa","robots":{"index":"noindex","follow":"follow","max-snippet":"max-snippet:-1","max-image-preview":"max-image-preview:large","max-video-preview":"max-video-preview:-1"},"og_locale":"fr_FR","og_type":"article","og_title":"MIEL DE CAROUB - Melissa","og_description":"Le texte qui accompagnait le prix: Ce miel a une couche de saveur extr\u00eamement riche d\u00e8s la premi\u00e8re cuill\u00e8re. Ar\u00f4me unique, floral mais en m\u00eame temps avec de fortes notes de chocolat et de caramel, et une touche d&rsquo;acidit\u00e9 claire qui s&rsquo;oppose \u00e0 sa douceur! De couleur fonc\u00e9e, d&rsquo;une densit\u00e9 et d&rsquo;une consistance incroyables, c&rsquo;est... Read More","og_url":"https:\/\/mf.ggeorgiou.work\/fr\/miel-de-caroub\/","og_site_name":"Melissa","article_modified_time":"2021-04-15T18:38:50+00:00","og_image":[{"width":553,"height":748,"url":"https:\/\/mf.ggeorgiou.work\/wp-content\/uploads\/2021\/02\/GREAT-TASTE-CAROB-2.jpg","type":"image\/jpeg"}],"twitter_card":"summary_large_image","twitter_misc":{"Dur\u00e9e de lecture estim\u00e9e":"1 minute"},"schema":{"@context":"https:\/\/schema.org","@graph":[{"@type":"WebPage","@id":"https:\/\/mf.ggeorgiou.work\/fr\/miel-de-caroub\/","url":"https:\/\/mf.ggeorgiou.work\/fr\/miel-de-caroub\/","name":"MIEL DE CAROUB - Melissa","isPartOf":{"@id":"https:\/\/mf.ggeorgiou.work\/#website"},"primaryImageOfPage":{"@id":"https:\/\/mf.ggeorgiou.work\/fr\/miel-de-caroub\/#primaryimage"},"image":{"@id":"https:\/\/mf.ggeorgiou.work\/fr\/miel-de-caroub\/#primaryimage"},"thumbnailUrl":"https:\/\/mf.ggeorgiou.work\/wp-content\/uploads\/2021\/02\/GREAT-TASTE-CAROB-2.jpg","datePublished":"2021-04-15T18:38:49+00:00","dateModified":"2021-04-15T18:38:50+00:00","inLanguage":"fr-FR","potentialAction":[{"@type":"ReadAction","target":["https:\/\/mf.ggeorgiou.work\/fr\/miel-de-caroub\/"]}]},{"@type":"ImageObject","inLanguage":"fr-FR","@id":"https:\/\/mf.ggeorgiou.work\/fr\/miel-de-caroub\/#primaryimage","url":"https:\/\/mf.ggeorgiou.work\/wp-content\/uploads\/2021\/02\/GREAT-TASTE-CAROB-2.jpg","contentUrl":"https:\/\/mf.ggeorgiou.work\/wp-content\/uploads\/2021\/02\/GREAT-TASTE-CAROB-2.jpg","width":553,"height":748},{"@type":"WebSite","@id":"https:\/\/mf.ggeorgiou.work\/#website","url":"https:\/\/mf.ggeorgiou.work\/","name":"Melissa","description":"\u03bf\u03b9\u03ba\u03bf\u03b3\u03b5\u03bd\u03b5\u03b9\u03b1\u03ba\u03ae \u03c0\u03b1\u03c1\u03ac\u03b4\u03bf\u03c3\u03b7 \u03c3\u03c4\u03bf \u03c7\u03ce\u03c1\u03bf \u03c4\u03b7\u03c2 \u03bc\u03b5\u03bb\u03b9\u03c3\u03c3\u03bf\u03ba\u03bf\u03bc\u03af\u03b1\u03c2","potentialAction":[{"@type":"SearchAction","target":{"@type":"EntryPoint","urlTemplate":"https:\/\/mf.ggeorgiou.work\/?s={search_term_string}"},"query-input":"required name=search_term_string"}],"inLanguage":"fr-FR"}]}},"_links":{"self":[{"href":"https:\/\/mf.ggeorgiou.work\/fr\/wp-json\/wp\/v2\/pages\/6764"}],"collection":[{"href":"https:\/\/mf.ggeorgiou.work\/fr\/wp-json\/wp\/v2\/pages"}],"about":[{"href":"https:\/\/mf.ggeorgiou.work\/fr\/wp-json\/wp\/v2\/types\/page"}],"author":[{"embeddable":true,"href":"https:\/\/mf.ggeorgiou.work\/fr\/wp-json\/wp\/v2\/users\/10"}],"replies":[{"embeddable":true,"href":"https:\/\/mf.ggeorgiou.work\/fr\/wp-json\/wp\/v2\/comments?post=6764"}],"version-history":[{"count":1,"href":"https:\/\/mf.ggeorgiou.work\/fr\/wp-json\/wp\/v2\/pages\/6764\/revisions"}],"predecessor-version":[{"id":6765,"href":"https:\/\/mf.ggeorgiou.work\/fr\/wp-json\/wp\/v2\/pages\/6764\/revisions\/6765"}],"wp:featuredmedia":[{"embeddable":true,"href":"https:\/\/mf.ggeorgiou.work\/fr\/wp-json\/wp\/v2\/media\/5193"}],"wp:attachment":[{"href":"https:\/\/mf.ggeorgiou.work\/fr\/wp-json\/wp\/v2\/media?parent=6764"}],"curies":[{"name":"wp","href":"https:\/\/api.w.org\/{rel}","templated":true}]}}